{"id":1345,"date":"2023-04-25T15:16:27","date_gmt":"2023-04-25T14:16:27","guid":{"rendered":"https:\/\/ocubertocarnota.com\/?page_id=1345"},"modified":"2023-08-10T11:41:54","modified_gmt":"2023-08-10T10:41:54","slug":"accesibilidad","status":"publish","type":"page","link":"https:\/\/ocubertocarnota.com\/en\/accesibilidad\/","title":{"rendered":"Accesibilidad"},"content":{"rendered":"<div data-elementor-type=\"wp-page\" data-elementor-id=\"1345\" class=\"elementor elementor-1345\">\n\t\t\t\t\t\t<div class=\"elementor-inner\">\n\t\t\t\t<div class=\"elementor-section-wrap\">\n\t\t\t\t\t\t\t\t\t<header class=\"elementor-section elementor-top-section elementor-element elementor-element-7ba9ca9 elementor-section-height-min-height elementor-section-boxed elementor-section-height-default elementor-section-items-middle\" data-id=\"7ba9ca9\" data-element_type=\"section\" data-settings=\"{&quot;background_background&quot;:&quot;classic&quot;}\">\n\t\t\t\t\t\t\t<div class=\"elementor-background-overlay\"><\/div>\n\t\t\t\t\t\t\t<div class=\"elementor-container elementor-column-gap-default\">\n\t\t\t\t\t\t\t<div class=\"elementor-row\">\n\t\t\t\t\t<div class=\"elementor-column elementor-col-100 elementor-top-column elementor-element elementor-element-5aced2d\" data-id=\"5aced2d\" data-element_type=\"column\">\n\t\t\t<div class=\"elementor-column-wrap elementor-element-populated\">\n\t\t\t\t\t\t\t<div class=\"elementor-widget-wrap\">\n\t\t\t\t\t\t<div class=\"elementor-element elementor-element-ebcb219 elementor-widget elementor-widget-spacer\" data-id=\"ebcb219\" data-element_type=\"widget\" data-widget_type=\"spacer.default\">\n\t\t\t\t<div class=\"elementor-widget-container\">\n\t\t\t<style>\/*! elementor - v3.16.0 - 14-09-2023 *\/\n.elementor-column .elementor-spacer-inner{height:var(--spacer-size)}.e-con{--container-widget-width:100%}.e-con-inner>.elementor-widget-spacer,.e-con>.elementor-widget-spacer{width:var(--container-widget-width,var(--spacer-size));--align-self:var(--container-widget-align-self,initial);--flex-shrink:0}.e-con-inner>.elementor-widget-spacer>.elementor-widget-container,.e-con>.elementor-widget-spacer>.elementor-widget-container{height:100%;width:100%}.e-con-inner>.elementor-widget-spacer>.elementor-widget-container>.elementor-spacer,.e-con>.elementor-widget-spacer>.elementor-widget-container>.elementor-spacer{height:100%}.e-con-inner>.elementor-widget-spacer>.elementor-widget-container>.elementor-spacer>.elementor-spacer-inner,.e-con>.elementor-widget-spacer>.elementor-widget-container>.elementor-spacer>.elementor-spacer-inner{height:var(--container-widget-height,var(--spacer-size))}.e-con-inner>.elementor-widget-spacer.elementor-widget-empty,.e-con>.elementor-widget-spacer.elementor-widget-empty{position:relative;min-height:22px;min-width:22px}.e-con-inner>.elementor-widget-spacer.elementor-widget-empty .elementor-widget-empty-icon,.e-con>.elementor-widget-spacer.elementor-widget-empty .elementor-widget-empty-icon{position:absolute;top:0;bottom:0;left:0;right:0;margin:auto;padding:0;width:22px;height:22px}<\/style>\t\t<div class=\"elementor-spacer\">\n\t\t\t<div class=\"elementor-spacer-inner\"><\/div>\n\t\t<\/div>\n\t\t\t\t<\/div>\n\t\t\t\t<\/div>\n\t\t\t\t<div class=\"elementor-element elementor-element-740c898 elementor-view-default elementor-position-top elementor-widget elementor-widget-themo-header\" data-id=\"740c898\" data-element_type=\"widget\" data-widget_type=\"themo-header.default\">\n\t\t\t\t<div class=\"elementor-widget-container\">\n\t\t\t\t\t<div class=\"th-header-wrap\">\n        <div class=\"elementor-icon-box-wrapper\">\n                            <div class=\"elementor-icon-box-content\">\n                    <h1 class=\"elementor-icon-box-title\">\n                        Declaraci\u00f3n de Accesibilidad                    <\/h1>\n                                        <p class=\"elementor-icon-box-description\">O Cuberto Carnota<\/p>\n\n                                    <\/div>\n            <\/div>\n\n        <\/div>\n\n\t\t\t\t<\/div>\n\t\t\t\t<\/div>\n\t\t\t\t\t\t<\/div>\n\t\t\t\t\t<\/div>\n\t\t<\/div>\n\t\t\t\t\t\t\t\t<\/div>\n\t\t\t\t\t<\/div>\n\t\t<\/header>\n\t\t\t\t<section class=\"elementor-section elementor-top-section elementor-element elementor-element-70a2fbe elementor-section-boxed elementor-section-height-default elementor-section-height-default\" data-id=\"70a2fbe\" data-element_type=\"section\">\n\t\t\t\t\t\t<div class=\"elementor-container elementor-column-gap-default\">\n\t\t\t\t\t\t\t<div class=\"elementor-row\">\n\t\t\t\t\t<div class=\"elementor-column elementor-col-100 elementor-top-column elementor-element elementor-element-18c0a31\" data-id=\"18c0a31\" data-element_type=\"column\">\n\t\t\t<div class=\"elementor-column-wrap elementor-element-populated\">\n\t\t\t\t\t\t\t<div class=\"elementor-widget-wrap\">\n\t\t\t\t\t\t<div class=\"elementor-element elementor-element-237454e elementor-widget elementor-widget-text-editor\" data-id=\"237454e\" data-element_type=\"widget\" data-widget_type=\"text-editor.default\">\n\t\t\t\t<div class=\"elementor-widget-container\">\n\t\t\t<style>\/*! elementor - v3.16.0 - 14-09-2023 *\/\n.elementor-widget-text-editor.elementor-drop-cap-view-stacked .elementor-drop-cap{background-color:#69727d;color:#fff}.elementor-widget-text-editor.elementor-drop-cap-view-framed .elementor-drop-cap{color:#69727d;border:3px solid;background-color:transparent}.elementor-widget-text-editor:not(.elementor-drop-cap-view-default) .elementor-drop-cap{margin-top:8px}.elementor-widget-text-editor:not(.elementor-drop-cap-view-default) .elementor-drop-cap-letter{width:1em;height:1em}.elementor-widget-text-editor .elementor-drop-cap{float:left;text-align:center;line-height:1;font-size:50px}.elementor-widget-text-editor .elementor-drop-cap-letter{display:inline-block}<\/style>\t\t\t\t\t<div class=\"elementor-text-editor elementor-clearfix\">\n\t\t\t\t<p>Manuela Concepci\u00f3n Siaba Portela se ha comprometido a hacer accesible su sitio web, de conformidad con el <a href=\"http:\/\/www.boe.es\/diario_boe\/txt.php?id=BOE-A-2018-12699\">Real Decreto 1112\/2018, de 7 de septiembre<\/a>, sobre accesibilidad de los sitios web y aplicaciones para dispositivos m\u00f3viles del sector p\u00fablico.<\/p><p>La presente declaraci\u00f3n de accesibilidad se aplica al sitio web\u00a0<a href=\"https:\/\/ocubertocarnota.com\/en\/\">https:\/\/ocubertocarnota.com<\/a>, excluyendo los contenidos incrustados provenientes de otros dominios.<\/p><p><strong>SITUACI\u00d3N DE CUMPLIMIENTO<\/strong><\/p><p>Este sitio web es parcialmente conforme con el\u00a0<a href=\"http:\/\/www.boe.es\/diario_boe\/txt.php?id=BOE-A-2018-12699\">RD 1112\/2018<\/a> debido a las excepciones y a la falta de conformidad de los aspectos que se indican a continuaci\u00f3n.<\/p><p><strong>CONTENIDO NO ACCESIBLE<\/strong><\/p><p>El contenido que se recoge a continuaci\u00f3n no es accesible por lo siguiente:<\/p><p><strong>Falta de conformidad con el RD 1112\/2018<\/strong><\/p><ul><li>Podr\u00edan existir problemas de Contenido se\u00f1alado con el puntero o que tiene el foco [Requisito 9.1.4.13]<\/li><li>Podr\u00edan existir problemas de Foco visible [Requisito 9.2.4.7]<\/li><li>Podr\u00edan existir problemas de Gestos con el puntero [Requisito 9.2.5.1]<\/li><li>Podr\u00edan existir problemas de Activaci\u00f3n mediante movimiento [Requisito 9.2.5.4]<\/li><li>Podr\u00edan existir problemas en Requisitos de conformidad de las Pautas WCAG [Requisito 9.6]<\/li><li>Podr\u00edan existir problemas en el Servicio de Reparaci\u00f3n [Requisito 11.8.4]<\/li><li>Podr\u00edan existir problemas de Comunicaci\u00f3n efectiva. [Requisito 12.2.3]<\/li><li>Podr\u00edan existir problemas de Documentaci\u00f3n accesible [Requisito 12.2.4]<\/li><\/ul><p><strong>Carga desproporcionada<\/strong><\/p><p>No aplica.<\/p><p><strong>El contenido no entra dentro del \u00e1mbito de la legislaci\u00f3n aplicable<\/strong><\/p><p>No aplica.<\/p><p><strong>PREPARACI\u00d3N DE LA PRESENTE DECLARACI\u00d3N DE ACCESIBILIDAD<\/strong><\/p><p>La presente declaraci\u00f3n fue preparada el 07 de Agosto 2023.<\/p><p>El m\u00e9todo empleado para preparar la declaraci\u00f3n ha sido una autoevaluaci\u00f3n llevada a cabo por Sigescee S.L.<\/p><p>\u00daltima revisi\u00f3n de la declaraci\u00f3n: 07 de Agosto 2023.<\/p><p><strong>OBSERVACIONES Y DATOS DE CONTACTO<\/strong><\/p><p>Puede realizar comunicaciones sobre requisitos de accesibilidad (art\u00edculo 10.2.a del RD 1112\/2018) como por ejemplo:<\/p><ul><li>informar sobre cualquier posible <strong>incumplimiento<\/strong> por parte de este sitio web<\/li><li>transmitir otras\u00a0<strong>dificultades de acceso<\/strong>\u00a0al contenido<\/li><li>formular cualquier otra\u00a0<strong>consulta o sugerencia de mejora<\/strong>\u00a0relativa a la accesibilidad del sitio web<\/li><\/ul><p>A trav\u00e9s del <span style=\"text-decoration: underline;\"><a href=\"https:\/\/ocubertocarnota.com\/en\/contacto\/\">formulario de contacto<\/a><\/span> de este sitio web o a trav\u00e9s del n\u00famero de tel\u00e9fono (+34) 664 392 010.<\/p><p>Puede presentar:<\/p><ul><li>una<strong> Queja <\/strong>relativa al cumplimiento de los requisitos del RD 1112\/2018 o<\/li><li>una<strong> Solicitud de Informaci\u00f3n accesible<\/strong> relativa a:<ul><li>Contenidos que est\u00e1n excluidos del \u00e1mbito de aplicaci\u00f3n del RD 1112\/2018 seg\u00fan lo establecido por el art\u00edculo 3, apartado 4.<\/li><li>Contenidos que est\u00e1n exentos del cumplimiento de los requisitos de accesibilidad por imponer una carga desproporcionada.<\/li><\/ul><\/li><\/ul><p>En la Solicitud de informaci\u00f3n accesible, se debe concretar, con toda claridad, los hechos, razones y petici\u00f3n que permitan constatar que se trata de una solicitud razonable y leg\u00edtima.<\/p><p>Las comunicaciones, quejas y solicitudes de informaci\u00f3n accesible ser\u00e1n recibidas y tratadas por Ismael Fern\u00e1ndez Siaba.<\/p><p><strong>PROCEDIMIENTO DE APLICACI\u00d3N<\/strong><\/p><p>Si una vez realizada una solicitud de informaci\u00f3n accesible o queja, \u00e9sta hubiera sido desestimada, no se estuviera de acuerdo con la decisi\u00f3n adoptada, o la respuesta no cumpliera los requisitos contemplados en el art\u00edculo 12.5, la persona interesada podr\u00e1 iniciar una reclamaci\u00f3n. Igualmente se podr\u00e1 iniciar una reclamaci\u00f3n en el caso de que haya transcurrido el plazo de veinte d\u00edas h\u00e1biles sin haber obtenido respuesta.<\/p><p>La reclamaci\u00f3n puede ser presentada trav\u00e9s de este <span style=\"text-decoration: underline;\"><a href=\"\/en\/contacto\/\">Formulario de Contacto<\/a><\/span> , as\u00ed como en el resto de opciones recogidas en la Ley 39\/ 2015, de 1 de octubre, del Procedimiento Administrativo Com\u00fan de las Administraciones P\u00fablicas.<\/p><p>Las reclamaciones ser\u00e1n recibidas y tratadas por Manuela Concepci\u00f3n Siaba Portela.<\/p><p><strong>CONTENIDO OPCIONAL<\/strong><\/p><p>Este portal est\u00e1 dise\u00f1ado para poder cambiar el tama\u00f1o del texto y el color, as\u00ed como el fondo de la p\u00e1gina mediante las opciones de configuraci\u00f3n est\u00e1ndar de los navegadores.<\/p><p>Si desea cambiar el tama\u00f1o de letra del texto en los principales navegadores gr\u00e1ficos utilice los siguientes men\u00fas:<\/p><ul><li>Internet Explorer, Mozilla y Firefox: Ver &gt; Tama\u00f1o del texto<\/li><li>Opera: Ver &gt; Zoom<\/li><li>Safari: Ver &gt; Hacer el texto m\u00e1s grande<\/li><li>Chrome: Controla la p\u00e1gina actual &gt; Tama\u00f1o del texto<\/li><li>Para modificar el tama\u00f1o de todo en la p\u00e1gina:<ul><li>Ctrl + + para aumentarlo<\/li><li>Ctrl + &#8211; para disminuirlo<\/li><li>Ctrl + 0 restaura el tama\u00f1o original del texto<\/li><li>Si lo que quiere es anular la hoja de estilos o modificar el color del texto, puede consultar la p\u00e1gina\u00a0<span lang=\"en\">How to Change Text Size or Colors<\/span>\u00a0de la WAI, que se puede leer traducida al espa\u00f1ol en \u00bfC\u00f3mo cambiar el tama\u00f1o del texto o colores?<\/li><\/ul><\/li><\/ul>\t\t\t\t\t<\/div>\n\t\t\t\t\t\t<\/div>\n\t\t\t\t<\/div>\n\t\t\t\t\t\t<\/div>\n\t\t\t\t\t<\/div>\n\t\t<\/div>\n\t\t\t\t\t\t\t\t<\/div>\n\t\t\t\t\t<\/div>\n\t\t<\/section>\n\t\t\t\t\t\t\t\t\t<\/div>\n\t\t\t<\/div>\n\t\t\t\t\t<\/div>","protected":false},"excerpt":{"rendered":"<p>Declaraci\u00f3n de Accesibilidad O Cuberto Carnota Manuela Concepci\u00f3n Siaba Portela se ha comprometido a hacer accesible su sitio web, de conformidad con el Real Decreto 1112\/2018, de 7 de septiembre, sobre accesibilidad de los sitios web y aplicaciones para dispositivos &hellip; <a href=\"https:\/\/ocubertocarnota.com\/en\/accesibilidad\/\">Read More<\/a><\/p>","protected":false},"author":1,"featured_media":0,"parent":0,"menu_order":0,"comment_status":"closed","ping_status":"closed","template":"","meta":{"footnotes":""},"class_list":["post-1345","page","type-page","status-publish","hentry"],"yoast_head":"<!-- This site is optimized with the Yoast SEO plugin v25.9 - https:\/\/yoast.com\/wordpress\/plugins\/seo\/ -->\n<title>Accesibilidad | O Cuberto Carnota<\/title>\n<meta name=\"robots\" content=\"noindex, follow\" \/>\n<meta property=\"og:locale\" content=\"en_US\" \/>\n<meta property=\"og:type\" content=\"article\" \/>\n<meta property=\"og:title\" content=\"Accesibilidad | O Cuberto Carnota\" \/>\n<meta property=\"og:description\" content=\"Declaraci\u00f3n de Accesibilidad O Cuberto Carnota Manuela Concepci\u00f3n Siaba Portela se ha comprometido a hacer accesible su sitio web, de conformidad con el Real Decreto 1112\/2018, de 7 de septiembre, sobre accesibilidad de los sitios web y aplicaciones para dispositivos &hellip; Read More\" \/>\n<meta property=\"og:url\" content=\"https:\/\/ocubertocarnota.com\/en\/accesibilidad\/\" \/>\n<meta property=\"og:site_name\" content=\"O Cuberto Carnota\" \/>\n<meta property=\"article:publisher\" content=\"https:\/\/www.facebook.com\/ocuberto\" \/>\n<meta property=\"article:modified_time\" content=\"2023-08-10T10:41:54+00:00\" \/>\n<meta name=\"twitter:card\" content=\"summary_large_image\" \/>\n<meta name=\"twitter:label1\" content=\"Est. reading time\" \/>\n\t<meta name=\"twitter:data1\" content=\"4 minutes\" \/>\n<script type=\"application\/ld+json\" class=\"yoast-schema-graph\">{\"@context\":\"https:\/\/schema.org\",\"@graph\":[{\"@type\":\"WebPage\",\"@id\":\"https:\/\/ocubertocarnota.com\/accesibilidad\/\",\"url\":\"https:\/\/ocubertocarnota.com\/accesibilidad\/\",\"name\":\"Accesibilidad | O Cuberto Carnota\",\"isPartOf\":{\"@id\":\"https:\/\/ocubertocarnota.com\/#website\"},\"datePublished\":\"2023-04-25T14:16:27+00:00\",\"dateModified\":\"2023-08-10T10:41:54+00:00\",\"breadcrumb\":{\"@id\":\"https:\/\/ocubertocarnota.com\/accesibilidad\/#breadcrumb\"},\"inLanguage\":\"en-US\",\"potentialAction\":[{\"@type\":\"ReadAction\",\"target\":[\"https:\/\/ocubertocarnota.com\/accesibilidad\/\"]}]},{\"@type\":\"BreadcrumbList\",\"@id\":\"https:\/\/ocubertocarnota.com\/accesibilidad\/#breadcrumb\",\"itemListElement\":[{\"@type\":\"ListItem\",\"position\":1,\"name\":\"Portada\",\"item\":\"https:\/\/ocubertocarnota.com\/\"},{\"@type\":\"ListItem\",\"position\":2,\"name\":\"Accesibilidad\"}]},{\"@type\":\"WebSite\",\"@id\":\"https:\/\/ocubertocarnota.com\/#website\",\"url\":\"https:\/\/ocubertocarnota.com\/\",\"name\":\"O Cuberto Carnota\",\"description\":\"Ven a comer a un espacio natural localizado junto a las marismas y playa de Carnota, una de las mejores ubicaciones de la Costa da Morte.\",\"publisher\":{\"@id\":\"https:\/\/ocubertocarnota.com\/#organization\"},\"potentialAction\":[{\"@type\":\"SearchAction\",\"target\":{\"@type\":\"EntryPoint\",\"urlTemplate\":\"https:\/\/ocubertocarnota.com\/?s={search_term_string}\"},\"query-input\":{\"@type\":\"PropertyValueSpecification\",\"valueRequired\":true,\"valueName\":\"search_term_string\"}}],\"inLanguage\":\"en-US\"},{\"@type\":\"Organization\",\"@id\":\"https:\/\/ocubertocarnota.com\/#organization\",\"name\":\"O Cuberto Carnota\",\"alternateName\":\"O Cuberto\",\"url\":\"https:\/\/ocubertocarnota.com\/\",\"logo\":{\"@type\":\"ImageObject\",\"inLanguage\":\"en-US\",\"@id\":\"https:\/\/ocubertocarnota.com\/#\/schema\/logo\/image\/\",\"url\":\"https:\/\/ocubertocarnota.com\/wp-content\/uploads\/logo-cuberto.jpg\",\"contentUrl\":\"https:\/\/ocubertocarnota.com\/wp-content\/uploads\/logo-cuberto.jpg\",\"width\":170,\"height\":170,\"caption\":\"O Cuberto Carnota\"},\"image\":{\"@id\":\"https:\/\/ocubertocarnota.com\/#\/schema\/logo\/image\/\"},\"sameAs\":[\"https:\/\/www.facebook.com\/ocuberto\",\"https:\/\/www.instagram.com\/ocuberto\/\"]}]}<\/script>\n<!-- \/ Yoast SEO plugin. -->","yoast_head_json":{"title":"Accesibilidad | O Cuberto Carnota","robots":{"index":"noindex","follow":"follow"},"og_locale":"en_US","og_type":"article","og_title":"Accesibilidad | O Cuberto Carnota","og_description":"Declaraci\u00f3n de Accesibilidad O Cuberto Carnota Manuela Concepci\u00f3n Siaba Portela se ha comprometido a hacer accesible su sitio web, de conformidad con el Real Decreto 1112\/2018, de 7 de septiembre, sobre accesibilidad de los sitios web y aplicaciones para dispositivos &hellip; Read More","og_url":"https:\/\/ocubertocarnota.com\/en\/accesibilidad\/","og_site_name":"O Cuberto Carnota","article_publisher":"https:\/\/www.facebook.com\/ocuberto","article_modified_time":"2023-08-10T10:41:54+00:00","twitter_card":"summary_large_image","twitter_misc":{"Est. reading time":"4 minutes"},"schema":{"@context":"https:\/\/schema.org","@graph":[{"@type":"WebPage","@id":"https:\/\/ocubertocarnota.com\/accesibilidad\/","url":"https:\/\/ocubertocarnota.com\/accesibilidad\/","name":"Accesibilidad | O Cuberto Carnota","isPartOf":{"@id":"https:\/\/ocubertocarnota.com\/#website"},"datePublished":"2023-04-25T14:16:27+00:00","dateModified":"2023-08-10T10:41:54+00:00","breadcrumb":{"@id":"https:\/\/ocubertocarnota.com\/accesibilidad\/#breadcrumb"},"inLanguage":"en-US","potentialAction":[{"@type":"ReadAction","target":["https:\/\/ocubertocarnota.com\/accesibilidad\/"]}]},{"@type":"BreadcrumbList","@id":"https:\/\/ocubertocarnota.com\/accesibilidad\/#breadcrumb","itemListElement":[{"@type":"ListItem","position":1,"name":"Portada","item":"https:\/\/ocubertocarnota.com\/"},{"@type":"ListItem","position":2,"name":"Accesibilidad"}]},{"@type":"WebSite","@id":"https:\/\/ocubertocarnota.com\/#website","url":"https:\/\/ocubertocarnota.com\/","name":"O Cuberto Carnota","description":"Ven a comer a un espacio natural localizado junto a las marismas y playa de Carnota, una de las mejores ubicaciones de la Costa da Morte.","publisher":{"@id":"https:\/\/ocubertocarnota.com\/#organization"},"potentialAction":[{"@type":"SearchAction","target":{"@type":"EntryPoint","urlTemplate":"https:\/\/ocubertocarnota.com\/?s={search_term_string}"},"query-input":{"@type":"PropertyValueSpecification","valueRequired":true,"valueName":"search_term_string"}}],"inLanguage":"en-US"},{"@type":"Organization","@id":"https:\/\/ocubertocarnota.com\/#organization","name":"O Cuberto Carnota","alternateName":"O Cuberto","url":"https:\/\/ocubertocarnota.com\/","logo":{"@type":"ImageObject","inLanguage":"en-US","@id":"https:\/\/ocubertocarnota.com\/#\/schema\/logo\/image\/","url":"https:\/\/ocubertocarnota.com\/wp-content\/uploads\/logo-cuberto.jpg","contentUrl":"https:\/\/ocubertocarnota.com\/wp-content\/uploads\/logo-cuberto.jpg","width":170,"height":170,"caption":"O Cuberto Carnota"},"image":{"@id":"https:\/\/ocubertocarnota.com\/#\/schema\/logo\/image\/"},"sameAs":["https:\/\/www.facebook.com\/ocuberto","https:\/\/www.instagram.com\/ocuberto\/"]}]}},"_links":{"self":[{"href":"https:\/\/ocubertocarnota.com\/en\/wp-json\/wp\/v2\/pages\/1345","targetHints":{"allow":["GET"]}}],"collection":[{"href":"https:\/\/ocubertocarnota.com\/en\/wp-json\/wp\/v2\/pages"}],"about":[{"href":"https:\/\/ocubertocarnota.com\/en\/wp-json\/wp\/v2\/types\/page"}],"author":[{"embeddable":true,"href":"https:\/\/ocubertocarnota.com\/en\/wp-json\/wp\/v2\/users\/1"}],"replies":[{"embeddable":true,"href":"https:\/\/ocubertocarnota.com\/en\/wp-json\/wp\/v2\/comments?post=1345"}],"version-history":[{"count":46,"href":"https:\/\/ocubertocarnota.com\/en\/wp-json\/wp\/v2\/pages\/1345\/revisions"}],"predecessor-version":[{"id":1627,"href":"https:\/\/ocubertocarnota.com\/en\/wp-json\/wp\/v2\/pages\/1345\/revisions\/1627"}],"wp:attachment":[{"href":"https:\/\/ocubertocarnota.com\/en\/wp-json\/wp\/v2\/media?parent=1345"}],"curies":[{"name":"wp","href":"https:\/\/api.w.org\/{rel}","templated":true}]}}